{"id":961,"date":"2019-08-28T16:36:40","date_gmt":"2019-08-28T14:36:40","guid":{"rendered":"https:\/\/stage.oktober.de\/bergbau\/?page_id=961"},"modified":"2026-01-08T17:35:14","modified_gmt":"2026-01-08T16:35:14","slug":"peter-goerke-mallet","status":"publish","type":"page","link":"https:\/\/fzn.thga.de\/en\/fzn\/team\/peter-goerke-mallet\/","title":{"rendered":"Prof. Dr.-Ing. Peter Goerke-Mallet"},"content":{"rendered":"<div id=\"fws_69f142e5af651\"  data-column-margin=\"default\" data-midnight=\"dark\" data-top-percent=\"5%\" data-bottom-percent=\"7%\"  class=\"wpb_row vc_row-fluid vc_row standard_section\"  style=\"padding-top: calc(100vw * 0.05); padding-bottom: calc(100vw * 0.07); \"><div class=\"row-bg-wrap\" data-bg-animation=\"none\" data-bg-overlay=\"false\"><div class=\"inner-wrap\"><div class=\"row-bg\"  style=\"\"><\/div><\/div><div class=\"row-bg-overlay\" ><\/div><\/div><div class=\"row_col_wrap_12 col span_12 dark left\">\n\t<div  class=\"vc_col-sm-8 wpb_column column_container vc_column_container col no-extra-padding inherit_tablet inherit_phone\"  data-t-w-inherits=\"default\" data-bg-cover=\"\" data-padding-pos=\"all\" data-has-bg-color=\"false\" data-bg-color=\"\" data-bg-opacity=\"1\" data-hover-bg=\"\" data-hover-bg-opacity=\"1\" data-animation=\"\" data-delay=\"0\" >\n\t\t<div class=\"vc_column-inner\" ><div class=\"column-bg-overlay-wrap\" data-bg-animation=\"none\"><div class=\"column-bg-overlay\"><\/div><\/div>\n\t\t\t<div class=\"wpb_wrapper\">\n\t\t\t\t\r\n<div class=\"wpb_text_column wpb_content_element\" >\r\n\t<div class=\"wpb_wrapper\">\r\n\t\t<h2><a href=\"https:\/\/fzn.thga.de\/en\/fzn\/team\/\"><span style=\"color: #e30000\">Team<\/span><\/a><\/h2>\n\t<\/div>\r\n<\/div>\r\n\r\n\r\n\r\n\r\n<div class=\"wpb_text_column wpb_content_element\" >\r\n\t<div class=\"wpb_wrapper\">\r\n\t\t<h1 style=\"text-align: left\">Prof. Dr.-Ing. Peter Goerke-Mallet<\/h1>\n\t<\/div>\r\n<\/div>\r\n\r\n\r\n\r\n<p style=\"font-size: 28px;color: #00325f;line-height: 1.5;text-align: left\" class=\"vc_custom_heading\" >Senior Consultant Forschungszentrum Nachbergbau<br \/>\nHonorarprofessor der THGA und<br \/>\nLehrbeauftragter f\u00fcr Geoingenieurwesen und Nachbergbau<\/p><div class=\"divider-wrap\" data-alignment=\"default\"><div style=\"height: 25px;\" class=\"divider\"><\/div><\/div>\r\n<div class=\"wpb_text_column wpb_content_element\" >\r\n\t<div class=\"wpb_wrapper\">\r\n\t\t<h3><strong>VITA<\/strong><\/h3>\n\t<\/div>\r\n<\/div>\r\n\r\n\r\n\r\n\r\n<div class=\"wpb_text_column wpb_content_element\" >\r\n\t<div class=\"wpb_wrapper\">\r\n\t\t<p><strong>Berufsaus\u00fcbung<\/strong><\/p>\n\t<\/div>\r\n<\/div>\r\n\r\n\r\n\r\n<div class=\"nectar-icon-list\" data-icon-color=\"default\" data-icon-style=\"border\" data-columns=\"3\" data-direction=\"vertical\" data-icon-size=\"small\" data-animate=\"\"><div class=\"nectar-icon-list-item\"><div class=\"list-icon-holder\" data-icon_type=\"icon\"><\/div><div class=\"content\"><h4>seit Oktober 2015<\/h4>Honorarprofessor der TH Georg Agricola<\/div><\/div><div class=\"nectar-icon-list-item\"><div class=\"list-icon-holder\" data-icon_type=\"icon\"><\/div><div class=\"content\"><h4>seit April 2013<\/h4>Lehrbeauftragter an der TH Georg Agricola<\/div><\/div><div class=\"nectar-icon-list-item\"><div class=\"list-icon-holder\" data-icon_type=\"icon\"><\/div><div class=\"content\"><h4>01. April 2013<\/h4>Eintritt in den Vorruhestand<\/div><\/div><div class=\"nectar-icon-list-item\"><div class=\"list-icon-holder\" data-icon_type=\"icon\"><\/div><div class=\"content\"><h4>seit 2012<\/h4>Leiter des Sonderprojektes \u201eAltbergbau\/Flutung\/Langfristige Wasserhaltung\" Bergwerk Ibbenb\u00fcren<\/div><\/div><div class=\"nectar-icon-list-item\"><div class=\"list-icon-holder\" data-icon_type=\"icon\"><\/div><div class=\"content\"><h4>01. Januar 2009<\/h4>Bestellung zum Pressesprecher der RAG Anthrazit Ibbenb\u00fcren GmbH, Ibbenb\u00fcren<\/div><\/div><div class=\"nectar-icon-list-item\"><div class=\"list-icon-holder\" data-icon_type=\"icon\"><\/div><div class=\"content\"><h4>2002 bis 2007<\/h4>Zust\u00e4ndigkeit f\u00fcr die Abteilung \u201eGasausbruchsverh\u00fctung\u201c<\/div><\/div><div class=\"nectar-icon-list-item\"><div class=\"list-icon-holder\" data-icon_type=\"icon\"><\/div><div class=\"content\"><h4>seit 2002<\/h4>Lehrbeauftragter an der Westf\u00e4lischen Wilhelms-Universit\u00e4t M\u00fcnster<\/div><\/div><div class=\"nectar-icon-list-item\"><div class=\"list-icon-holder\" data-icon_type=\"icon\"><\/div><div class=\"content\"><h4>2001 bis 2011<\/h4>Vorsitzender des Deutschen Markscheider Vereins<\/div><\/div><div class=\"nectar-icon-list-item\"><div class=\"list-icon-holder\" data-icon_type=\"icon\"><\/div><div class=\"content\"><h4>01. April 2011<\/h4>\u00dcbernahme der Abteilung interne Kommunikation der RAG Anthrazit Ibbenb\u00fcren GmbH<\/div><\/div><div class=\"nectar-icon-list-item\"><div class=\"list-icon-holder\" data-icon_type=\"icon\"><\/div><div class=\"content\"><h4>2000<\/h4>Promotion zum Dr.-Ing. an der RWTH Aachen<\/div><\/div><div class=\"nectar-icon-list-item\"><div class=\"list-icon-holder\" data-icon_type=\"icon\"><\/div><div class=\"content\"><h4>1999<\/h4>Bestellung zum stellvertretenden Gew\u00e4sserschutzbeauftragten<\/div><\/div><div class=\"nectar-icon-list-item\"><div class=\"list-icon-holder\" data-icon_type=\"icon\"><\/div><div class=\"content\"><h4>1994 bis 2012<\/h4>Leiter der Markscheiderei, \u00dcbernahme der F\u00fchrung des Risswerks des Bergwerks Ibbenb\u00fcren<\/div><\/div><div class=\"nectar-icon-list-item\"><div class=\"list-icon-holder\" data-icon_type=\"icon\"><\/div><div class=\"content\"><h4>1988<\/h4>Aufnahme in die Grubenwehr des Bergwerks Ibbenb\u00fcren<\/div><\/div><div class=\"nectar-icon-list-item\"><div class=\"list-icon-holder\" data-icon_type=\"icon\"><\/div><div class=\"content\"><h4>01. Januar 1987<\/h4>Stellvertretender Leiter der Markscheiderei<\/div><\/div><div class=\"nectar-icon-list-item\"><div class=\"list-icon-holder\" data-icon_type=\"icon\"><\/div><div class=\"content\"><h4>01. Juni 1985<\/h4>Eintritt in die Markscheiderei der Preussag AG Kohle, heute RAG Anthrazit Ibbenb\u00fcren GmbH<\/div><\/div><\/div><div class=\"divider-wrap\" data-alignment=\"default\"><div style=\"height: 25px;\" class=\"divider\"><\/div><\/div>\r\n<div class=\"wpb_text_column wpb_content_element\" >\r\n\t<div class=\"wpb_wrapper\">\r\n\t\t<p><strong>Studium<\/strong><\/p>\n\t<\/div>\r\n<\/div>\r\n\r\n\r\n\r\n<div class=\"nectar-icon-list\" data-icon-color=\"default\" data-icon-style=\"border\" data-columns=\"3\" data-direction=\"vertical\" data-icon-size=\"small\" data-animate=\"\"><div class=\"nectar-icon-list-item\"><div class=\"list-icon-holder\" data-icon_type=\"icon\"><\/div><div class=\"content\"><h4>1983 bis 1985<\/h4>Referendarzeit im Oberbergamt Clausthal-Zellerfeld<br \/>\nAbschluss: Assessor des Markscheidefachs<\/div><\/div><div class=\"nectar-icon-list-item\"><div class=\"list-icon-holder\" data-icon_type=\"icon\"><\/div><div class=\"content\"><h4>1977 bis 1983<\/h4>Technische Universit\u00e4t Clausthal<br \/>\nAbschluss: Diplom-Ingenieur der Fachrichtung Markscheidewesen<\/div><\/div><\/div><div class=\"divider-wrap\" data-alignment=\"default\"><div style=\"height: 100px;\" class=\"divider\"><\/div><\/div>\r\n<div class=\"wpb_text_column wpb_content_element\" >\r\n\t<div class=\"wpb_wrapper\">\r\n\t\t<h3><strong>Berufliche Schwerpunkte:<\/strong><\/h3>\n<ul>\n<li>Lagerst\u00e4ttenbearbeitung<\/li>\n<li>Bergrechtliche Genehmigungsverfahren<\/li>\n<li>Wasserwirtschaft<\/li>\n<li>Bergschadenregulierung<\/li>\n<li>\u00d6ffentlichkeitsarbeit<\/li>\n<\/ul>\n\t<\/div>\r\n<\/div>\r\n\r\n\r\n\r\n<div class=\"divider-wrap\" data-alignment=\"default\"><div style=\"height: 25px;\" class=\"divider\"><\/div><\/div>\r\n<div class=\"wpb_text_column wpb_content_element\" >\r\n\t<div class=\"wpb_wrapper\">\r\n\t\t<h3><strong>Lehr- und Forschungsschwerpunkte<\/strong><\/h3>\n<ul>\n<li>Markscheidewesen \/ Vermessungswesen<\/li>\n<li>Post-Mining<\/li>\n<li>Altbergbau<\/li>\n<li>Verwahrung und Flutung von Bergwerken<\/li>\n<li>Monitoring und Bodenbewegungen<\/li>\n<li>Wasserwirtschaft<span style=\"color: #000000\"><br \/>\n<\/span><\/li>\n<\/ul>\n\t<\/div>\r\n<\/div>\r\n\r\n\r\n\r\n<div class=\"divider-wrap\" data-alignment=\"default\"><div style=\"height: 25px;\" class=\"divider\"><\/div><\/div>\r\n<div class=\"wpb_text_column wpb_content_element\" >\r\n\t<div class=\"wpb_wrapper\">\r\n\t\t<h3><strong>Memberships<\/strong><\/h3>\n<ul>\n<li>Deutscher Markscheider Verein e.V. (DMV e.V.)<\/li>\n<li>GDMB Gesellschaft der Metallurgen und Bergleute e.V. (GDMB)<\/li>\n<li>Deutscher Dachverband f\u00fcr Geoinformation (DDGI)<\/li>\n<\/ul>\n\t<\/div>\r\n<\/div>\r\n\r\n\r\n\r\n\n\t\t\t<\/div> \n\t\t<\/div>\n\t<\/div> \n\n\t<div  class=\"vc_col-sm-1 wpb_column column_container vc_column_container col no-extra-padding inherit_tablet inherit_phone\"  data-t-w-inherits=\"default\" data-bg-cover=\"\" data-padding-pos=\"all\" data-has-bg-color=\"false\" data-bg-color=\"\" data-bg-opacity=\"1\" data-hover-bg=\"\" data-hover-bg-opacity=\"1\" data-animation=\"\" data-delay=\"0\" >\n\t\t<div class=\"vc_column-inner\" ><div class=\"column-bg-overlay-wrap\" data-bg-animation=\"none\"><div class=\"column-bg-overlay\"><\/div><\/div>\n\t\t\t<div class=\"wpb_wrapper\">\n\t\t\t\t\n\t\t\t<\/div> \n\t\t<\/div>\n\t<\/div> \n\n\t<div  class=\"vc_col-sm-3 wpb_column column_container vc_column_container col no-extra-padding inherit_tablet inherit_phone\"  data-t-w-inherits=\"default\" data-bg-cover=\"\" data-padding-pos=\"all\" data-has-bg-color=\"false\" data-bg-color=\"\" data-bg-opacity=\"1\" data-hover-bg=\"\" data-hover-bg-opacity=\"1\" data-animation=\"\" data-delay=\"0\" >\n\t\t<div class=\"vc_column-inner\" ><div class=\"column-bg-overlay-wrap\" data-bg-animation=\"none\"><div class=\"column-bg-overlay\"><\/div><\/div>\n\t\t\t<div class=\"wpb_wrapper\">\n\t\t\t\t<div class=\"img-with-aniamtion-wrap\" data-max-width=\"100%\" data-max-width-mobile=\"default\" data-border-radius=\"none\" data-shadow=\"none\" data-animation=\"fade-in\" >\r\n      <div class=\"inner\">\r\n        <div class=\"hover-wrap\" data-hover-animation=\"none\"> \r\n          <div class=\"hover-wrap-inner\">\r\n            <img loading=\"lazy\" decoding=\"async\" class=\"img-with-animation skip-lazy\" data-delay=\"0\" height=\"2560\" width=\"1707\" data-animation=\"fade-in\" src=\"https:\/\/fzn.thga.de\/wp-content\/uploads\/sites\/4\/2020\/08\/Prof.-Dr.-Ing.-Peter-Goerke-Mallet-scaled.jpg\" alt=\"\" srcset=\"https:\/\/fzn.thga.de\/wp-content\/uploads\/sites\/4\/2020\/08\/Prof.-Dr.-Ing.-Peter-Goerke-Mallet-scaled.jpg 1707w, https:\/\/fzn.thga.de\/wp-content\/uploads\/sites\/4\/2020\/08\/Prof.-Dr.-Ing.-Peter-Goerke-Mallet-200x300.jpg 200w, https:\/\/fzn.thga.de\/wp-content\/uploads\/sites\/4\/2020\/08\/Prof.-Dr.-Ing.-Peter-Goerke-Mallet-683x1024.jpg 683w, https:\/\/fzn.thga.de\/wp-content\/uploads\/sites\/4\/2020\/08\/Prof.-Dr.-Ing.-Peter-Goerke-Mallet-768x1151.jpg 768w, https:\/\/fzn.thga.de\/wp-content\/uploads\/sites\/4\/2020\/08\/Prof.-Dr.-Ing.-Peter-Goerke-Mallet-1024x1536.jpg 1024w, https:\/\/fzn.thga.de\/wp-content\/uploads\/sites\/4\/2020\/08\/Prof.-Dr.-Ing.-Peter-Goerke-Mallet-1366x2048.jpg 1366w\" sizes=\"auto, (min-width: 1450px) 75vw, (min-width: 1000px) 85vw, 100vw\" \/>\r\n          <\/div>\r\n        <\/div>\r\n      <\/div>\r\n    <\/div>\n\t\t\t<\/div> \n\t\t<\/div>\n\t<\/div> \n<\/div><\/div>","protected":false},"excerpt":{"rendered":"Team Prof. Dr.-Ing. Peter Goerke-Mallet Senior Consultant Forschungszentrum Nachbergbau Honorarprofessor der THGA und Lehrbeauftragter f\u00fcr Geoingenieurwesen und Nachbergbau VITA Berufsaus\u00fcbung seit Oktober 2015Honorarprofessor der TH Georg Agricolaseit April 2013Lehrbeauftragter an...","protected":false},"author":6,"featured_media":0,"parent":2894,"menu_order":0,"comment_status":"closed","ping_status":"closed","template":"","meta":{"footnotes":""},"class_list":["post-961","page","type-page","status-publish"],"_links":{"self":[{"href":"https:\/\/fzn.thga.de\/en\/wp-json\/wp\/v2\/pages\/961","targetHints":{"allow":["GET"]}}],"collection":[{"href":"https:\/\/fzn.thga.de\/en\/wp-json\/wp\/v2\/pages"}],"about":[{"href":"https:\/\/fzn.thga.de\/en\/wp-json\/wp\/v2\/types\/page"}],"author":[{"embeddable":true,"href":"https:\/\/fzn.thga.de\/en\/wp-json\/wp\/v2\/users\/6"}],"replies":[{"embeddable":true,"href":"https:\/\/fzn.thga.de\/en\/wp-json\/wp\/v2\/comments?post=961"}],"version-history":[{"count":8,"href":"https:\/\/fzn.thga.de\/en\/wp-json\/wp\/v2\/pages\/961\/revisions"}],"predecessor-version":[{"id":8813,"href":"https:\/\/fzn.thga.de\/en\/wp-json\/wp\/v2\/pages\/961\/revisions\/8813"}],"up":[{"embeddable":true,"href":"https:\/\/fzn.thga.de\/en\/wp-json\/wp\/v2\/pages\/2894"}],"wp:attachment":[{"href":"https:\/\/fzn.thga.de\/en\/wp-json\/wp\/v2\/media?parent=961"}],"curies":[{"name":"wp","href":"https:\/\/api.w.org\/{rel}","templated":true}]}}